{"id":131,"date":"2015-06-01T11:29:58","date_gmt":"2015-06-01T11:29:58","guid":{"rendered":"http:\/\/novo.confenar.com.br\/?page_id=131"},"modified":"2019-03-25T22:30:40","modified_gmt":"2019-03-25T22:30:40","slug":"sustentabilidade","status":"publish","type":"page","link":"https:\/\/www.confenar.com.br\/index.php\/sustentabilidade\/","title":{"rendered":"Sustentabilidade"},"content":{"rendered":"<style>\n#conteudo_sustentabilidade{\n\tposition:relative;\n\twidth:680px;\n\theight:auto;\n\tfloat:left;\n}\n#logo_sustentabilidade{\n\twidth:262px;\n\theight:243px;\n\tfloat:left;\n\tposition:relative;\n\tbackground-image:url(http:\/\/www.confenar.com.br\/wp-content\/uploads\/2016\/05\/icone_sustentabilidade.jpg);\n}\n#texto_sustentabilidade{\n\t\tposition:relative;\n\twidth:403px;\n\tpadding-left:20px;\n\tpadding-right:35px;\n\theight:auto;\n\tfloat:left;\n}<\/p>\n<\/style>\n<style>h1{margin-bottom: 0px !important;padding: 20px 0 0px 0 !important;}<\/style>\n<div id=\"breadcrumb_conf\">\n<a href=\"http:\/\/www.confenar.com.br\">Home <\/a>> Sustentabilidade\n<\/div>\n<div id=\"conteudo_sustentabilidade\">\n<p><\/p>\n<p class=\"p1\"><span class=\"s1\">A responsabilidade ambiental \u00e9 uma prioridade para a Confenar, que apoia e realiza a\u00e7\u00f5es voltadas a esse \u00e2mbito, com o objetivo de beneficiar o meio ambiente e a sociedade, al\u00e9m de conscientizar toda a Rede de Revendas sobre a import\u00e2ncia dessas boas pr\u00e1ticas.<\/span><\/p>\n<p class=\"p1\"><span class=\"s1\">A Confedera\u00e7\u00e3o incentiva tamb\u00e9m a log\u00edstica reversa e respeita a Pol\u00edtica Nacional de Res\u00edduos S\u00f3lidos (PNRS), do Minist\u00e9rio do Meio Ambiente.<\/span><\/p>\n<p class=\"p1\"><span class=\"s1\">Confira neste portal algumas das iniciativas da Confedera\u00e7\u00e3o, como o projeto Carbono Compensado, e as atividades sustent\u00e1veis das revendas. Veja como \u00e9 poss\u00edvel realizar a\u00e7\u00f5es que conciliam quest\u00f5es econ\u00f4micas com o respeito \u00e0 natureza, gerando excelentes resultados para todos.<\/span><\/p>\n<\/div>\n<style>\n#menu_gestao_conf{position:relative; float:left; width:720px; margin-top:-40px;}\n#menu_gestao_conf a img{\tpadding-right:8px;\t}\n#menu_gestao_conf a {\tfont-size: 18px;    color: #007da9;    margin-bottom: -16px;    display: block;    font-weight: bold;\twidth:450px;}\n#menu_gestao_conf a:hover {\ttext-decoration:none;\t\/*opacity: 0.6; filter: alpha(opacity=60); *\/\tcolor:#fbae17;}\n.images_padd_para{padding-right:9px !Important;\t}<\/p>\n<p>p a {font-size: 18px;    color: #007da9 !important;    display: block;    font-weight: bold;\twidth:450px;}\np a:hover {\ttext-decoration:none;\t\/*opacity: 0.6; filter: alpha(opacity=60); *\/\tcolor:#fbae17;}\n.link_back{\tfont-size: 12px;\tmargin-top:20px;\tfont-family:Arial, Helvetica, sans-serif;\t    color: #909090 !important;\t}\n.link_back a{ color: #909090 !important;}<\/p>\n<p>#link_um_sus{<\/p>\n<p>}<\/p>\n<\/style>\n<p><\/p>\n<p><!--\n\n\n<div id=\"menu_gestao_conf\">\n\n\n\n<a href=\"http:\/\/www.confenar.com.br\/index.php\/sustentabilidade\/confenar\/\" style=\"margin-top:70px;margin-left: 20px;\">\n<img decoding=\"async\" src=\"http:\/\/www.confenar.com.br\/wp-content\/uploads\/2015\/10\/icone_confenar.jpg\" alt=\"\" \/>CONFENAR\n<\/a>\n\n\n\n<a href=\"http:\/\/www.confenar.com.br\/index.php\/sustentabilidade\/revendas\/\" style=\"margin-left: 223px;margin-top: -47px;\">\n<img decoding=\"async\" src=\"http:\/\/www.confenar.com.br\/wp-content\/uploads\/2015\/10\/icone_confenar.jpg\" alt=\"\" \/>REVENDAS\n<\/a>\n\n\n<\/div>\n\n\n--><\/p>\n<style>\n#conteudo_suste_col_um{\n\tposition:relative;\n\tfloat:left;\n\twidth:  680px;\t\n\theight:200px;\t\n}\n#selo_sus{\n\tposition:relative;\n\tfloat:left;\n\twidth:314px;\t\n\theight:180px;\t\n}\n#atitu_sus{\n\tposition:relative;\n\tfloat:left;\n\twidth:312px;\t\n\theight:180px;\t\n\tmargin-left: 54px;\n}<\/p>\n<p>#revendas_sus{\n\tposition:relative;\n\tfloat:left;\n\twidth:314px;\t\n\theight:180px;\t\n}\n#carbono_sus{\n\tposition:relative;\n\tfloat:left;\n\twidth:312px;\t\n\theight:180px;\t\n\tmargin-left: 54px;\n\tmargin-top: 15px;\n}<\/p>\n<p>#conteudo_suste_col_dois{\n\tposition:relative;\n\tfloat:left;\n\twidth:  680px;\t\n\theight:100px;\t\n}<\/p>\n<\/style>\n<div id=\"conteudo_suste_col_um\">\n<div id=\"revendas_sus\" style=\"position:relative;\n\tfloat:left;\n\twidth:314px;\t\n\theight:180px;\t\"><br \/>\n<a href=\"http:\/\/www.confenar.com.br\/index.php\/sustentabilidade\/revendas\/\"><br \/>\n<img decoding=\"async\" src=\"http:\/\/www.confenar.com.br\/wp-content\/uploads\/2017\/01\/thumb_revendas.jpg\" \/><br \/>\n<\/a>\n<\/div>\n<div id=\"atitu_sus\">\n<a href=\"http:\/\/www.confenar.com.br\/index.php\/atitude-sustentavel\/\"><br \/>\n<img decoding=\"async\" style=\"padding-top: 9px;padding-left: 100px;\" src=\"http:\/\/www.confenar.com.br\/wp-content\/uploads\/2017\/01\/aitutude_sustentavel.jpg\" \/><br \/>\n<\/a>\n<\/div>\n<\/div>\n<div id=\"conteudo_suste_col_dois\" style=\"\tposition:relative;\n\tfloat:left;\n\twidth:  680px;\t\n\theight:100px;\t\"><\/p>\n<\/div>\n<style>\n<\/style>\n","protected":false},"excerpt":{"rendered":"<p>Home > Sustentabilidade A responsabilidade ambiental \u00e9 uma prioridade para a Confenar, que apoia e realiza a\u00e7\u00f5es voltadas a esse \u00e2mbito, com o objetivo de beneficiar o meio ambiente e a sociedade, al\u00e9m de conscientizar toda a Rede de Revendas sobre a import\u00e2ncia dessas boas pr\u00e1ticas. A Confedera\u00e7\u00e3o incentiva tamb\u00e9m a log\u00edstica reversa e respeita [&hellip;]<\/p>\n","protected":false},"author":1,"featured_media":0,"parent":0,"menu_order":1,"comment_status":"open","ping_status":"closed","template":"page-sustentabilidade.php","meta":{"_acf_changed":false,"footnotes":""},"class_list":["post-131","page","type-page","status-publish","hentry"],"acf":[],"_links":{"self":[{"href":"https:\/\/www.confenar.com.br\/index.php\/wp-json\/wp\/v2\/pages\/131","targetHints":{"allow":["GET"]}}],"collection":[{"href":"https:\/\/www.confenar.com.br\/index.php\/wp-json\/wp\/v2\/pages"}],"about":[{"href":"https:\/\/www.confenar.com.br\/index.php\/wp-json\/wp\/v2\/types\/page"}],"author":[{"embeddable":true,"href":"https:\/\/www.confenar.com.br\/index.php\/wp-json\/wp\/v2\/users\/1"}],"replies":[{"embeddable":true,"href":"https:\/\/www.confenar.com.br\/index.php\/wp-json\/wp\/v2\/comments?post=131"}],"version-history":[{"count":29,"href":"https:\/\/www.confenar.com.br\/index.php\/wp-json\/wp\/v2\/pages\/131\/revisions"}],"predecessor-version":[{"id":22865,"href":"https:\/\/www.confenar.com.br\/index.php\/wp-json\/wp\/v2\/pages\/131\/revisions\/22865"}],"wp:attachment":[{"href":"https:\/\/www.confenar.com.br\/index.php\/wp-json\/wp\/v2\/media?parent=131"}],"curies":[{"name":"wp","href":"https:\/\/api.w.org\/{rel}","templated":true}]}}