{"id":151,"date":"2015-06-01T11:31:24","date_gmt":"2015-06-01T11:31:24","guid":{"rendered":"http:\/\/novo.confenar.com.br\/?page_id=151"},"modified":"2019-12-17T21:15:46","modified_gmt":"2019-12-17T21:15:46","slug":"revendas","status":"publish","type":"page","link":"https:\/\/www.confenar.com.br\/index.php\/sustentabilidade\/revendas\/","title":{"rendered":"Revendas"},"content":{"rendered":"<div id=\"box-fecha\" style=\"width: 100% !important; margin: 20px !important; float: left !important;\"><b>Conebel realiza coleta seletiva em S\u00e3o Jos\u00e9 do Rio Preto (SP)<\/b><\/div>\n<div id=\"box-fecha\" style=\"width: 100% !important; margin: 20px !important; float: left !important;\">\n<p class=\"p7\"><img decoding=\"async\" class=\"alignnone size-full wp-image-22265\" style=\"float: left !important; padding-right: 20px !important;\" src=\"http:\/\/www.confenar.com.br\/wp-content\/uploads\/2015\/06\/Projeto-Recicle_Conebel-3.jpg\" alt=\"9\" width=\"411\" height=\"auto\" \/><\/p>\n<p class=\"p6\" style=\"margin-right: 20px !important;\"><span class=\"s1\">O programa \u201cRecicle Conebel\u201d, da revenda Conebel, de S\u00e3o Jos\u00e9 do Rio Preto (SP), foi criado em 2007 e faz a coleta seletiva de recicl\u00e1veis dentro da distribuidora. O valor da coleta \u00e9 revertido para a compra de material escolar para os filhos dos colaboradores. Anualmente, a revenda tem arrecadado mais de 25 toneladas e entregou neste ano 220 kits escolares aos filhos dos funcion\u00e1rios. O projeto envolve tamb\u00e9m uma parceria com uma cooperativa de coleta seletiva local, que promove mutir\u00f5es e investe em di\u00e1logo com a comunidade.<br \/>\n<\/span><\/p>\n<\/div>\n<div id=\"box-fecha\" style=\"width: 100% !important; margin: 0 20px !important; float: left !important;\"><b>Disfonte investe em energia solar e capta\u00e7\u00e3o fluvial<\/b><\/div>\n<div id=\"box-fecha\" style=\"width: 100% !important; margin: 20px !important; float: left !important;\">\n<p class=\"p7\"><img decoding=\"async\" class=\"alignnone size-full wp-image-22265\" style=\"float: left !important; padding-right: 20px !important;\" src=\"http:\/\/www.confenar.com.br\/wp-content\/uploads\/2015\/06\/Disfonte-gerador-fotovoltaico-22.jpg\" alt=\"9\" width=\"411\" height=\"auto\" \/><\/p>\n<p class=\"p6\" style=\"margin-right: 20px !important;\"><span class=\"s1\">A Disfonte, de Passo Fundo (RS), investiu cerca de R$ 500 mil na aquisi\u00e7\u00e3o de um gerador de energia solar fotovoltaica de 144,72 kWp para a empresa. O equipamento \u00e9 capaz de gerar energia por meio da convers\u00e3o direta da luz em eletricidade. A revenda tamb\u00e9m conta com um sistema de capta\u00e7\u00e3o fluvial, que recolhe a \u00e1gua da chuva e armazena em reservat\u00f3rios subterr\u00e2neos, de 160 mil litros, para utilizar em banheiros do edif\u00edcio, na limpeza e irriga\u00e7\u00e3o dos jardins, al\u00e9m de ajudar na conserva\u00e7\u00e3o da frota de Entrega, Puxada e Armaz\u00e9m.<\/span><\/p>\n<\/div>\n<div id=\"box-fecha\" style=\"width: 100% !important; margin: 0 20px !important; float: left !important;\"><b>Damata investe na conscientiza\u00e7\u00e3o do uso de energia el\u00e9trica<\/b><\/div>\n<div id=\"box-fecha\" style=\"width: 100% !important; margin: 20px !important; float: left !important;\">\n<p class=\"p7\"><img decoding=\"async\" class=\"alignnone size-full wp-image-22265\" style=\"float: left !important; padding-right: 20px !important;\" src=\"http:\/\/www.confenar.com.br\/wp-content\/uploads\/2015\/06\/Damata.jpg\" alt=\"9\" width=\"411\" height=\"auto\" \/><\/p>\n<p class=\"p6\" style=\"margin-right: 20px !important;\"><span class=\"s1\">A Damata, de Leopoldina (MG), desenvolveu um indicador que acompanha regularmente os picos de uso da energia em sua sede. Al\u00e9m disso, a empresa investiu em a\u00e7\u00f5es internas de conscientiza\u00e7\u00e3o dos colaboradores, com mensagens espalhadas pela revenda alertando sobre a necessidade de atitudes conscientes no consumo e redu\u00e7\u00e3o do uso de energia el\u00e9trica. As iniciativas est\u00e3o alinhadas com a miss\u00e3o de ser refer\u00eancia nacional no neg\u00f3cio, com lideran\u00e7a baseada em uma abordagem consistente e sustent\u00e1vel. As a\u00e7\u00f5es tamb\u00e9m representam o cuidado da distribuidora com a responsabilidade e impactos na comunidade.<\/span><\/p>\n<\/div>\n<div id=\"box-fecha\" style=\"width: 100% !important; margin: 0 20px !important; float: left !important;\"><b>Grupo Farid investe em energia com tecnologia fotovoltaica<\/b><\/div>\n<div id=\"box-fecha\" style=\"width: 100% !important; margin: 20px !important; float: left !important;\">\n<p class=\"p7\"><img decoding=\"async\" class=\"alignnone size-full wp-image-22265\" style=\"float: left !important; padding-right: 20px !important;\" src=\"http:\/\/www.confenar.com.br\/wp-content\/uploads\/2015\/06\/Screen-Shot-2019-07-18-at-18.39.40.jpg\" alt=\"9\" width=\"411\" height=\"auto\" \/><\/p>\n<p class=\"p6\" style=\"margin-right: 20px !important;\"><span class=\"s1\">O <strong>Grupo Farid<\/strong>, com sede em Itabirito (MG), est\u00e1 investindo em a\u00e7\u00f5es voltadas \u00e0 redu\u00e7\u00e3o do consumo de energia, avaliando regularmente a performance das usinas fotovoltaicas instaladas em cada uma de suas unidades. Essa a\u00e7\u00e3o vai al\u00e9m da preserva\u00e7\u00e3o do meio ambiente, pois tamb\u00e9m garante a continuidade dos neg\u00f3cios, de forma ben\u00e9fica ao planeta. Al\u00e9m disso, a revenda tamb\u00e9m est\u00e1 implementando o controle e o racionamento da \u00e1gua que utiliza.<\/span><\/p>\n<\/div>\n<div id=\"box-fecha\" style=\"width: 100% !important; margin: 0 20px !important; float: left !important;\">\n<p class=\"p6\"><span class=\"s1\"><b>Univale participa de a\u00e7\u00e3o para tirar res\u00edduos do Rio Taquari (RS)<\/b><\/span><\/p>\n<p class=\"p7\"><img decoding=\"async\" class=\"alignnone size-full wp-image-22265\" style=\"float: left !important; padding-right: 20px !important;\" src=\"http:\/\/www.confenar.com.br\/wp-content\/uploads\/2015\/06\/Screen-Shot-2019-08-01-at-14.27.00.jpg\" alt=\"9\" width=\"411\" height=\"auto\" \/><\/p>\n<p class=\"p6\" style=\"margin-right: 20px !important;\"><span class=\"s1\">A\u00a0<strong>Univale<\/strong>, de Estrela (RS), tamb\u00e9m est\u00e1 engajada na preserva\u00e7\u00e3o do meio ambiente.\u00a0A revenda participou da 13\u00aa Edi\u00e7\u00e3o do Viva o Taquari Vivo, a\u00e7\u00e3o volunt\u00e1ria que visa recolher o lixo do Rio Taquari. Colaboradores da revenda contribu\u00edram, de forma volunt\u00e1ria, para recolher quase quatro toneladas de res\u00edduos das \u00e1guas do rio. Outra a\u00e7\u00e3o sustent\u00e1vel da distribuidora envolve a arrecada\u00e7\u00e3o de tampinhas pl\u00e1sticas, que s\u00e3o doadas para a Liga Feminina de Combate ao C\u00e2ncer, de Estrela (RS), e depois s\u00e3o encaminhadas para empresas de reciclagem.<br \/>\n<\/span><\/p>\n<\/div>\n<div id=\"box-fecha\" style=\"width: 100% !important; margin: 20px !important; float: left !important;\">\n<p class=\"p6\"><span class=\"s1\"><b>Pau Brasil faz a\u00e7\u00f5es de divulga\u00e7\u00e3o sobre a import\u00e2ncia da \u00e1gua<\/b><\/span><\/p>\n<p class=\"p7\"><img decoding=\"async\" class=\"alignnone size-full wp-image-22265\" style=\"float: left !important; padding-right: 20px !important;\" src=\"http:\/\/www.confenar.com.br\/wp-content\/uploads\/2015\/06\/Screen-Shot-2019-07-18-at-18.39.58.jpg\" alt=\"9\" width=\"411\" height=\"auto\" \/><\/p>\n<p class=\"p6\" style=\"margin-right: 20px !important;\"><span class=\"s1\">A revenda <strong>Pau Brasil<\/strong>, de Sousa (PB), engajou seus colaboradores sobre o cuidado com a \u00e1gua. Para alertar os profissionais sobre a import\u00e2ncia de economizar esse recurso, a distribuidora divulga imagens de conscientiza\u00e7\u00e3o em pontos estrat\u00e9gicos, como bebedouros, banheiros, corredores e redes sociais. A empresa tamb\u00e9m divulga a \u00e1gua AMA, da Ambev, que direciona 100% do seu lucro para projetos que levam \u00e1gua pot\u00e1vel para \u00e1reas do semi\u00e1rido do Pa\u00eds.<br \/>\n<\/span><\/p>\n<\/div>\n<div id=\"box-fecha\" style=\"width: 100% !important; margin: 20px !important; float: left !important;\">\n<p class=\"p6\"><span class=\"s1\"><b>Semeando boas pr\u00e1ticas entre os pequeninos<\/b><\/span><\/p>\n<p class=\"p6\"><img loading=\"lazy\" decoding=\"async\" class=\"alignnone size-full wp-image-22257\" style=\"float: left !important; padding-right: 20px !important;\" src=\"http:\/\/www.confenar.com.br\/wp-content\/uploads\/2018\/04\/1.png\" alt=\"1\" width=\"399\" height=\"224\" srcset=\"https:\/\/www.confenar.com.br\/wp-content\/uploads\/2018\/04\/1.png 399w, https:\/\/www.confenar.com.br\/wp-content\/uploads\/2018\/04\/1-300x168.png 300w\" sizes=\"auto, (max-width: 399px) 100vw, 399px\" \/><\/p>\n<p class=\"p6\" style=\"margin-right: 20px !important;\"><b> <\/b><span class=\"s1\">A <b>Unimar<\/b>, de Os\u00f3rio (RS), comemorou o Dia Mundial do Meio Ambiente levando para crian\u00e7as de uma escola infantil da cidade um material interativo sobre a import\u00e2ncia da destina\u00e7\u00e3o correta do lixo \u2013 pr\u00e1tica j\u00e1 adotada na revenda h\u00e1 alguns anos.<\/span><\/p>\n<\/div>\n<div id=\"box-fecha\" style=\"width: 100% !important; margin: 20px !important; float: left !important;\">\n<p class=\"p6\"><span class=\"s1\"><b>Unimar recicla lixo e destina a renda para uma festa especial<\/b><\/span><\/p>\n<p class=\"p6\"><img loading=\"lazy\" decoding=\"async\" class=\"alignnone size-full wp-image-22259\" style=\"float: left !important; padding-right: 20px !important;\" src=\"http:\/\/www.confenar.com.br\/wp-content\/uploads\/2018\/04\/3.png\" alt=\"3\" width=\"399\" height=\"224\" srcset=\"https:\/\/www.confenar.com.br\/wp-content\/uploads\/2018\/04\/3.png 399w, https:\/\/www.confenar.com.br\/wp-content\/uploads\/2018\/04\/3-300x168.png 300w\" sizes=\"auto, (max-width: 399px) 100vw, 399px\" \/><\/p>\n<p class=\"p6\" style=\"margin-right: 20px !important;\"><span class=\"s1\">Reciclar \u00e9 algo fundamental na distribuidora de bebidas <b>Unimar<\/b>, situada em Os\u00f3rio (RS). A empresa realizou um churrasco para os seus colaboradores com a verba arrecadada por meio da venda do lixo recicl\u00e1vel. O evento, conhecido como Festa do Lixo, \u00e9 realizado anualmente. Com o dinheiro arrecadado, a revenda tamb\u00e9m comprou diversos pr\u00eamios para sortear na comemora\u00e7\u00e3o.<\/span><\/p>\n<\/div>\n<div id=\"box-fecha\" style=\"width: 100% !important; margin: 20px !important; float: left !important;\">\n<p class=\"p6\"><span class=\"s1\"><b>Damata pela sustentabilidade<\/b><\/span><\/p>\n<p class=\"p6\"><img loading=\"lazy\" decoding=\"async\" class=\"alignnone size-full wp-image-22266\" style=\"float: left !important; padding-right: 20px !important;\" src=\"http:\/\/www.confenar.com.br\/wp-content\/uploads\/2018\/04\/Damata.png\" alt=\"Damata\" width=\"399\" height=\"224\" srcset=\"https:\/\/www.confenar.com.br\/wp-content\/uploads\/2018\/04\/Damata.png 399w, https:\/\/www.confenar.com.br\/wp-content\/uploads\/2018\/04\/Damata-300x168.png 300w\" sizes=\"auto, (max-width: 399px) 100vw, 399px\" \/><\/p>\n<p class=\"p6\" style=\"margin-right: 20px !important;\"><span class=\"s1\">Com o objetivo de melhorar o ambiente de trabalho, reduzir a quantidade de lixo, despertar a consci\u00eancia respons\u00e1vel dos colaboradores e multiplicar a ideia de responsabilidade ambiental, a <b>Damata<\/b>, de Leopoldina (MG), lan\u00e7ou o projeto de coleta seletiva na empresa. Em cada ponto estrat\u00e9gico da revenda foram colocadas lixeiras com as identifica\u00e7\u00f5es de papel, metal, pl\u00e1stico e lixo org\u00e2nico.<\/span><\/p>\n<\/div>\n<div id=\"box-fecha\" style=\"width: 100% !important; margin: 20px !important; float: left !important;\">\n<p class=\"p6\"><span class=\"s1\"><b>Jodibe PE: por um futuro sustent\u00e1vel<\/b><\/span><\/p>\n<p class=\"p6\"><img loading=\"lazy\" decoding=\"async\" class=\"alignnone size-full wp-image-22261\" style=\"float: left !important; padding-right: 20px !important;\" src=\"http:\/\/www.confenar.com.br\/wp-content\/uploads\/2018\/04\/5.png\" alt=\"5\" width=\"399\" height=\"224\" srcset=\"https:\/\/www.confenar.com.br\/wp-content\/uploads\/2018\/04\/5.png 399w, https:\/\/www.confenar.com.br\/wp-content\/uploads\/2018\/04\/5-300x168.png 300w\" sizes=\"auto, (max-width: 399px) 100vw, 399px\" \/><\/p>\n<p class=\"p6\" style=\"margin-right: 20px !important;\"><span class=\"s1\">A revenda <b>Jodibe<\/b> Pernambuco, de Serra Talhada (PE), realizou uma a\u00e7\u00e3o de coleta seletiva com o objetivo de incentivar a redu\u00e7\u00e3o, reutiliza\u00e7\u00e3o e reciclagem de res\u00edduos s\u00f3lidos. A distribuidora fez uma parceria com o Projeto Recicla Pernambuco para adotar um modelo de gest\u00e3o sustent\u00e1vel, com foco em munic\u00edpios da Regi\u00e3o da Mata Sul, Agreste e Sert\u00e3o.<\/span><\/p>\n<\/div>\n<div id=\"box-fecha\" style=\"width: 100% !important; margin: 20px !important; float: left !important;\">\n<p class=\"p6\"><span class=\"s1\"><b>Asa Norte adota garrafas para eliminar copos descart\u00e1veis<\/b><\/span><\/p>\n<p class=\"p7\"><img loading=\"lazy\" decoding=\"async\" class=\"alignnone size-full wp-image-22262\" style=\"float: left !important; padding-right: 20px !important;\" src=\"http:\/\/www.confenar.com.br\/wp-content\/uploads\/2018\/04\/6.png\" alt=\"6\" width=\"412\" height=\"327\" srcset=\"https:\/\/www.confenar.com.br\/wp-content\/uploads\/2018\/04\/6.png 412w, https:\/\/www.confenar.com.br\/wp-content\/uploads\/2018\/04\/6-300x238.png 300w\" sizes=\"auto, (max-width: 412px) 100vw, 412px\" \/><\/p>\n<p class=\"p6\" style=\"margin-right: 20px !important;\"><span class=\"s1\">A <b>Asa Norte<\/b>, com matriz em Campo Maior e filial em Parna\u00edba (PI), distribuiu cerca de 120 garrafas pl\u00e1sticas reutiliz\u00e1veis para os colaboradores de suas \u00e1reas Administrativas. A a\u00e7\u00e3o foi realizada por meio da campanha &#8220;Adote sua Garrafa&#8221;, com o objetivo de diminuir ou at\u00e9 eliminar o uso de copos descart\u00e1veis na revenda.<\/span><\/p>\n<\/div>\n<div id=\"box-fecha\" style=\"width: 100% !important; margin: 20px !important; float: left !important;\">\n<p class=\"p6\"><span class=\"s1\"><b>Norte MG ajuda a reduzir o desperd\u00edcio de \u00e1gua<\/b><\/span><\/p>\n<p class=\"p7\"><img loading=\"lazy\" decoding=\"async\" class=\"alignnone size-full wp-image-22264\" style=\"float: left !important; padding-right: 20px !important;\" src=\"http:\/\/www.confenar.com.br\/wp-content\/uploads\/2018\/04\/8.png\" alt=\"8\" width=\"237\" height=\"312\" srcset=\"https:\/\/www.confenar.com.br\/wp-content\/uploads\/2018\/04\/8.png 237w, https:\/\/www.confenar.com.br\/wp-content\/uploads\/2018\/04\/8-228x300.png 228w\" sizes=\"auto, (max-width: 237px) 100vw, 237px\" \/><\/p>\n<p class=\"p6\" style=\"margin-right: 20px !important;\"><span class=\"s1\">A revenda do <b>Grupo Farid<\/b>, <b>Norte MG<\/b>, localizada na cidade de Jana\u00faba (MG), adotou uma pol\u00edtica de consumo consciente da \u00e1gua. A distribuidora incentivou os colaboradores a compartilharem ideias para evitar o desperd\u00edcio. Uma das iniciativas foi imediatamente implementada: a cria\u00e7\u00e3o de um sistema de capta\u00e7\u00e3o de \u00e1gua dos aparelhos de ar-condicionado.<\/span><\/p>\n<\/div>\n<div id=\"box-fecha\" style=\"width: 100% !important; margin: 20px !important; float: left !important;\">\n<p class=\"p6\"><span class=\"s1\"><b>Disfrota em prol da sustentabilidade<\/b><\/span><\/p>\n<p class=\"p7\"><img loading=\"lazy\" decoding=\"async\" class=\"alignnone size-full wp-image-22265\" style=\"float: left !important; padding-right: 20px !important;\" src=\"http:\/\/www.confenar.com.br\/wp-content\/uploads\/2018\/04\/9.png\" alt=\"9\" width=\"411\" height=\"181\" srcset=\"https:\/\/www.confenar.com.br\/wp-content\/uploads\/2018\/04\/9.png 411w, https:\/\/www.confenar.com.br\/wp-content\/uploads\/2018\/04\/9-300x132.png 300w\" sizes=\"auto, (max-width: 411px) 100vw, 411px\" \/><\/p>\n<p class=\"p6\" style=\"margin-right: 20px !important;\"><span class=\"s1\">Investindo em a\u00e7\u00f5es sustent\u00e1veis a <b>Disfrota<\/b>, de Nova Russas (CE), iniciou seu projeto de coleta seletiva logo ap\u00f3s a forma\u00e7\u00e3o da Comiss\u00e3o Interna de Preven\u00e7\u00e3o de Acidentes (CIPA). A iniciativa tem como objetivo arrecadar fundos por meio da reciclagem e venda de materiais, no per\u00edodo de 12 meses, para compra e doa\u00e7\u00e3o de cestas b\u00e1sicas para fam\u00edlias carentes do munic\u00edpio onde a distribuidora atua no Estado do Cear\u00e1.<\/span><\/p>\n<\/div>\n","protected":false},"excerpt":{"rendered":"<p>Conebel realiza coleta seletiva em S\u00e3o Jos\u00e9 do Rio Preto (SP) O programa \u201cRecicle Conebel\u201d, da revenda Conebel, de S\u00e3o Jos\u00e9 do Rio Preto (SP), foi criado em 2007 e faz a coleta seletiva de recicl\u00e1veis dentro da distribuidora. O valor da coleta \u00e9 revertido para a compra de material escolar para os filhos dos [&hellip;]<\/p>\n","protected":false},"author":1,"featured_media":0,"parent":131,"menu_order":59,"comment_status":"open","ping_status":"open","template":"","meta":{"_acf_changed":false,"footnotes":""},"class_list":["post-151","page","type-page","status-publish","hentry"],"acf":[],"_links":{"self":[{"href":"https:\/\/www.confenar.com.br\/index.php\/wp-json\/wp\/v2\/pages\/151","targetHints":{"allow":["GET"]}}],"collection":[{"href":"https:\/\/www.confenar.com.br\/index.php\/wp-json\/wp\/v2\/pages"}],"about":[{"href":"https:\/\/www.confenar.com.br\/index.php\/wp-json\/wp\/v2\/types\/page"}],"author":[{"embeddable":true,"href":"https:\/\/www.confenar.com.br\/index.php\/wp-json\/wp\/v2\/users\/1"}],"replies":[{"embeddable":true,"href":"https:\/\/www.confenar.com.br\/index.php\/wp-json\/wp\/v2\/comments?post=151"}],"version-history":[{"count":44,"href":"https:\/\/www.confenar.com.br\/index.php\/wp-json\/wp\/v2\/pages\/151\/revisions"}],"predecessor-version":[{"id":23502,"href":"https:\/\/www.confenar.com.br\/index.php\/wp-json\/wp\/v2\/pages\/151\/revisions\/23502"}],"up":[{"embeddable":true,"href":"https:\/\/www.confenar.com.br\/index.php\/wp-json\/wp\/v2\/pages\/131"}],"wp:attachment":[{"href":"https:\/\/www.confenar.com.br\/index.php\/wp-json\/wp\/v2\/media?parent=151"}],"curies":[{"name":"wp","href":"https:\/\/api.w.org\/{rel}","templated":true}]}}