{"id":19287,"date":"2017-01-09T19:03:11","date_gmt":"2017-01-09T19:03:11","guid":{"rendered":"http:\/\/www.confenar.com.br\/?page_id=19287"},"modified":"2019-12-17T21:17:18","modified_gmt":"2019-12-17T21:17:18","slug":"atitude-sustentavel","status":"publish","type":"page","link":"https:\/\/www.confenar.com.br\/index.php\/atitude-sustentavel\/","title":{"rendered":"Atitude sustenta\u0301vel"},"content":{"rendered":"<div id=\"box-fecha\" style=\"width: 100% !important; margin: 0 auto !important; float: left !important;\">\n<p class=\"p1\"><span class=\"s1\"><b>Carbono Compensado<\/b><\/span><\/p>\n<p class=\"p1\" style=\"float: left; padding-right: 20px;\"><img loading=\"lazy\" decoding=\"async\" class=\"alignnone size-full wp-image-23443\" src=\"http:\/\/www.confenar.com.br\/wp-content\/uploads\/2019\/12\/logo.jpg\" alt=\"logo\" width=\"300\" height=\"200\" \/><\/p>\n<p>&nbsp;<\/p>\n<p style=\"padding: 29px;\">Com patroc\u00ednio da Mercedes-Benz e o apoio t\u00e9cnico da Bravo Consultoria Ambiental, a Confenar realiza o projeto <strong>Carbono Compensado<\/strong>, que quantifica os gases de efeito estufa gerados no Agenda Confenar, convertendo-os no plantio de \u00e1rvores e ajudando na recupera\u00e7\u00e3o de \u00e1reas florestais. Conhe\u00e7a a seguir a a\u00e7\u00e3o realizada na \u00faltima edi\u00e7\u00e3o!<\/p>\n<\/div>\n<p class=\"p1\"><span class=\"s1\"><b>Sustentabilidade: uma pr\u00e1tica cont\u00ednua<\/b><\/span><\/p>\n<p class=\"p3\"><span class=\"s1\">Pelo nono ano consecutivo, com o apoio e organiza\u00e7\u00e3o da Associa\u00e7\u00e3o de Preserva\u00e7\u00e3o do Meio Ambiente e da Vida (Apremavi), a Confenar promoveu o\u00a0plantio de 500 mudas de \u00e1rvores em uma \u00e1rea de preserva\u00e7\u00e3o\u00a0ambiental na comunidade Lajeado \u00c1guas Negras, localizada no munic\u00edpio de Ituporanga (SC). Realizada em 30 de outubro, a iniciativa simbolizou um importante exerc\u00edcio de conscientiza\u00e7\u00e3o sustent\u00e1vel. Essa \u00e9 uma das v\u00e1rias a\u00e7\u00f5es realizadas e apoiadas\u00a0pela Confedera\u00e7\u00e3o em prol da sustentabilidade no Pa\u00eds.<\/span><\/p>\n<p class=\"p3\"><span class=\"s1\">O plantio, que \u00e9 feito anualmente, ap\u00f3s o Agenda Confenar\u00a0(maior evento de distribui\u00e7\u00e3o de bebidas do Pa\u00eds), tem como objetivo\u00a0diminuir os impactos causados pela emiss\u00e3o de di\u00f3xido de carbono\u00a0(CO2) durante os dias do encontro.\u00a0O projeto\u00a0ajuda no reflorestamento de esp\u00e9cies end\u00eamicas da regi\u00e3o, beneficiando o meio ambiente.<\/span><\/p>\n<p class=\"p3\"><span class=\"s1\">Desde o in\u00edcio do Carbono Compensado, a Confenar j\u00e1 contribuiu com o\u00a0plantio de 6.568 mudas.<\/span><\/p>\n<p class=\"p3\"><span class=\"s1\">Ap\u00f3s o plantio de 2019, que contou com a participa\u00e7\u00e3o de colaboradores da\u00a0revenda Incobel (Lages, SC), a Bravo segue acompanhando\u00a0e cuidando das mudas por um per\u00edodo de dois anos e informa \u00e0 Confedera\u00e7\u00e3o sobre essa evolu\u00e7\u00e3o. O projeto de\u00a0plantio e compensa\u00e7\u00e3o de carbono \u00e9 patrocinado pela Mercedes-Benz.<\/span><\/p>\n<div id=\"box-fecha\" style=\"width: 100% !important; margin: 0 auto !important; float: left !important;\">\n<div id=\"attachment_23452\" style=\"width: 930px\" class=\"wp-caption aligncenter\"><img decoding=\"async\" aria-describedby=\"caption-attachment-23452\" class=\"wp-image-23452 size-full\" src=\"http:\/\/www.confenar.com.br\/wp-content\/uploads\/2019\/12\/Plantio-Carbono-Compensado-2019-revenda-Incobel_baixa-resolucao-7-1-e1575925017819.jpeg\" alt=\"Representantes da Apremavi com o propriet\u00e1rio do terreno (\u00e0 esquerda) e revendedor da Incobel (\u00e1 direita)\" width=\"920\" srcset=\"https:\/\/www.confenar.com.br\/wp-content\/uploads\/2019\/12\/Plantio-Carbono-Compensado-2019-revenda-Incobel_baixa-resolucao-7-1-e1575925017819.jpeg 792w, https:\/\/www.confenar.com.br\/wp-content\/uploads\/2019\/12\/Plantio-Carbono-Compensado-2019-revenda-Incobel_baixa-resolucao-7-1-e1575925017819-300x202.jpeg 300w, https:\/\/www.confenar.com.br\/wp-content\/uploads\/2019\/12\/Plantio-Carbono-Compensado-2019-revenda-Incobel_baixa-resolucao-7-1-e1575925017819-768x518.jpeg 768w\" sizes=\"(max-width: 792px) 100vw, 792px\" \/><p id=\"caption-attachment-23452\" class=\"wp-caption-text\">Representantes da Apremavi com o propriet\u00e1rio do terreno (\u00e0 esquerda) e revendedor da Incobel (\u00e1 direita)<\/p><\/div>\n<div id=\"attachment_23451\" style=\"width: 930px\" class=\"wp-caption aligncenter\"><img decoding=\"async\" aria-describedby=\"caption-attachment-23451\" class=\"wp-image-23451 size-full\" src=\"http:\/\/www.confenar.com.br\/wp-content\/uploads\/2019\/12\/Plantio-Carbono-Compensado-2019-revenda-Incobel_alta-resolucao-9-1.jpg\" alt=\"O Gerente Comercial da revenda Incobel, Valdir Luchtenberg Junior, e o S\u00f3cio-Diretor, Sergio Ludwig participaram do plantio\" width=\"920\" srcset=\"https:\/\/www.confenar.com.br\/wp-content\/uploads\/2019\/12\/Plantio-Carbono-Compensado-2019-revenda-Incobel_alta-resolucao-9-1.jpg 800w, https:\/\/www.confenar.com.br\/wp-content\/uploads\/2019\/12\/Plantio-Carbono-Compensado-2019-revenda-Incobel_alta-resolucao-9-1-300x225.jpg 300w, https:\/\/www.confenar.com.br\/wp-content\/uploads\/2019\/12\/Plantio-Carbono-Compensado-2019-revenda-Incobel_alta-resolucao-9-1-768x576.jpg 768w\" sizes=\"(max-width: 800px) 100vw, 800px\" \/><p id=\"caption-attachment-23451\" class=\"wp-caption-text\">O Gerente Comercial da revenda Incobel, Valdir Luchtenberg Junior, e o S\u00f3cio-Diretor Sergio Ludwig participaram do plantio<\/p><\/div>\n<p>&nbsp;<\/p>\n<p><strong>Confira o plantio realizado nas edi\u00e7\u00f5es anteriores<\/strong><\/p>\n<\/div>\n<div id=\"box-fecha\" style=\"width: 100% !important; margin: 0 auto !important; float: left !important;\">\n<p style=\"text-align: center;\"><img decoding=\"async\" class=\"alignnone size-full wp-image-23456\" src=\"http:\/\/www.confenar.com.br\/wp-content\/uploads\/2019\/12\/Screen-Shot-2019-12-09-at-15.59.12-1.jpg\" alt=\"Screen Shot 2019-12-09 at 15.59.12\" width=\"900\" srcset=\"https:\/\/www.confenar.com.br\/wp-content\/uploads\/2019\/12\/Screen-Shot-2019-12-09-at-15.59.12-1.jpg 800w, https:\/\/www.confenar.com.br\/wp-content\/uploads\/2019\/12\/Screen-Shot-2019-12-09-at-15.59.12-1-300x207.jpg 300w, https:\/\/www.confenar.com.br\/wp-content\/uploads\/2019\/12\/Screen-Shot-2019-12-09-at-15.59.12-1-768x530.jpg 768w\" sizes=\"(max-width: 800px) 100vw, 800px\" \/><\/p>\n<div id=\"box-fecha\" style=\"width: 100% !important; margin: 0 20px !important; float: left !important;\">\n<p><a href=\"http:\/\/www.confenar.com.br\/index.php\/atitude-sustentavel-2018\/\"> <img decoding=\"async\" src=\"http:\/\/www.confenar.com.br\/wp-content\/uploads\/2015\/10\/icone_confenar.jpg\" alt=\"\" \/><b>CARBONO COMPENSADO 2018<\/b><br \/>\n<\/a><br \/>\n<a href=\"http:\/\/www.confenar.com.br\/index.php\/atitude-sustentavel-2017\/\"> <img decoding=\"async\" src=\"http:\/\/www.confenar.com.br\/wp-content\/uploads\/2015\/10\/icone_confenar.jpg\" alt=\"\" \/><b>CARBONO COMPENSADO 2017<\/b><br \/>\n<\/a><\/p>\n<\/div>\n<\/div>\n","protected":false},"excerpt":{"rendered":"<p>Carbono Compensado &nbsp; Com patroc\u00ednio da Mercedes-Benz e o apoio t\u00e9cnico da Bravo Consultoria Ambiental, a Confenar realiza o projeto Carbono Compensado, que quantifica os gases de efeito estufa gerados no Agenda Confenar, convertendo-os no plantio de \u00e1rvores e ajudando na recupera\u00e7\u00e3o de \u00e1reas florestais. Conhe\u00e7a a seguir a a\u00e7\u00e3o realizada na \u00faltima edi\u00e7\u00e3o! Sustentabilidade: [&hellip;]<\/p>\n","protected":false},"author":1,"featured_media":0,"parent":0,"menu_order":22,"comment_status":"closed","ping_status":"closed","template":"page-sustentabilidade.php","meta":{"_acf_changed":false,"footnotes":""},"class_list":["post-19287","page","type-page","status-publish","hentry"],"acf":[],"_links":{"self":[{"href":"https:\/\/www.confenar.com.br\/index.php\/wp-json\/wp\/v2\/pages\/19287","targetHints":{"allow":["GET"]}}],"collection":[{"href":"https:\/\/www.confenar.com.br\/index.php\/wp-json\/wp\/v2\/pages"}],"about":[{"href":"https:\/\/www.confenar.com.br\/index.php\/wp-json\/wp\/v2\/types\/page"}],"author":[{"embeddable":true,"href":"https:\/\/www.confenar.com.br\/index.php\/wp-json\/wp\/v2\/users\/1"}],"replies":[{"embeddable":true,"href":"https:\/\/www.confenar.com.br\/index.php\/wp-json\/wp\/v2\/comments?post=19287"}],"version-history":[{"count":121,"href":"https:\/\/www.confenar.com.br\/index.php\/wp-json\/wp\/v2\/pages\/19287\/revisions"}],"predecessor-version":[{"id":23503,"href":"https:\/\/www.confenar.com.br\/index.php\/wp-json\/wp\/v2\/pages\/19287\/revisions\/23503"}],"wp:attachment":[{"href":"https:\/\/www.confenar.com.br\/index.php\/wp-json\/wp\/v2\/media?parent=19287"}],"curies":[{"name":"wp","href":"https:\/\/api.w.org\/{rel}","templated":true}]}}