{"id":226,"date":"2015-06-01T14:59:51","date_gmt":"2015-06-01T14:59:51","guid":{"rendered":"http:\/\/novo.confenar.com.br\/?page_id=226"},"modified":"2018-01-15T12:18:41","modified_gmt":"2018-01-15T12:18:41","slug":"fique-por-dentro","status":"publish","type":"page","link":"https:\/\/www.confenar.com.br\/index.php\/canais-de-comunicacao\/fique-por-dentro\/","title":{"rendered":"Fique por dentro"},"content":{"rendered":"<p><!--\nSe\u00e7\u00e3o com fatos relevantes do setor de distribui\u00e7\u00e3o de bebidas, como campanhas, not\u00edcias de mercado e lan\u00e7amentos de produtos Ambev, al\u00e9m de outros assuntos de destaque na Rede de Revendas. Neste canal, tamb\u00e9m \u00e9 poss\u00edvel conferir sugest\u00f5es de livros, filmes, sites ou aplicativos, com dicas e conte\u00fados para auxiliar no dia a dia das distribuidoras.\n\n\n\nA Revista Confenar \u00e9 impressa e publicada bimestralmente com uma tiragem de 3 mil exemplares. Entre os temas apresentados nas edi\u00e7\u00f5es, est\u00e3o assuntos de destaque no mercado de distribui\u00e7\u00e3o de bebidas e log\u00edstica, boas pr\u00e1ticas das revendas associadas e novidades da Confedera\u00e7\u00e3o e da Ambev. Distribuidoras de todo o Pa\u00eds e que pertencem \u00e0 Rede da Confenar recebem os exemplares da revista, assim como os principais pontos de venda (PDVs) do Brasil, entidades empresariais, associa\u00e7\u00f5es representativas do segmento, representantes do governo, ind\u00fastria fornecedora de produtos, insumos e solu\u00e7\u00f5es \u00e0s revendas e \u00e0 Confedera\u00e7\u00e3o.\n\n\n\n \nNa se\u00e7\u00e3o Fique por Dentro, voc\u00ea encontrar\u00e1 fatos relevantes sobre o setor de distribui\u00e7\u00e3o de bebidas, como campanhas, not\u00edcias de mercado e lan\u00e7amentos de produtos Ambev. Neste canal, tamb\u00e9m \u00e9 poss\u00edvel conferir as sugest\u00f5es de livros, filmes, sites ou aplicativos com conte\u00fados de grande utilidade no dia a dia das revendas.\n\n\n\n \nPara estar ainda mais atento \u00e0s novidades da Confenar e da Rede, acompanhe nossa p\u00e1gina no Facebook. L\u00e1, \u00e9 poss\u00edvel encontrar as a\u00e7\u00f5es realizadas nas revendas, os eventos nos quais a Confenar est\u00e1 presente e not\u00edcias sobre o mercado de bebidas. \nSiga a Confenar: www.facebook.com\/Confenar\/\n\n\n\n\n<img decoding=\"async\" src=\"http:\/\/www.confenar.com.br\/wp-content\/uploads\/2015\/06\/logo_revista.jpg\" \/>\n\n\n<img decoding=\"async\" src=\"http:\/\/www.confenar.com.br\/wp-content\/uploads\/2015\/06\/logo_fiquepordentro.jpg\" \/>\n\n--><\/p>\n","protected":false},"excerpt":{"rendered":"","protected":false},"author":1,"featured_media":0,"parent":91,"menu_order":64,"comment_status":"open","ping_status":"closed","template":"","meta":{"_acf_changed":false,"footnotes":""},"class_list":["post-226","page","type-page","status-publish","hentry"],"acf":[],"_links":{"self":[{"href":"https:\/\/www.confenar.com.br\/index.php\/wp-json\/wp\/v2\/pages\/226","targetHints":{"allow":["GET"]}}],"collection":[{"href":"https:\/\/www.confenar.com.br\/index.php\/wp-json\/wp\/v2\/pages"}],"about":[{"href":"https:\/\/www.confenar.com.br\/index.php\/wp-json\/wp\/v2\/types\/page"}],"author":[{"embeddable":true,"href":"https:\/\/www.confenar.com.br\/index.php\/wp-json\/wp\/v2\/users\/1"}],"replies":[{"embeddable":true,"href":"https:\/\/www.confenar.com.br\/index.php\/wp-json\/wp\/v2\/comments?post=226"}],"version-history":[{"count":5,"href":"https:\/\/www.confenar.com.br\/index.php\/wp-json\/wp\/v2\/pages\/226\/revisions"}],"predecessor-version":[{"id":22196,"href":"https:\/\/www.confenar.com.br\/index.php\/wp-json\/wp\/v2\/pages\/226\/revisions\/22196"}],"up":[{"embeddable":true,"href":"https:\/\/www.confenar.com.br\/index.php\/wp-json\/wp\/v2\/pages\/91"}],"wp:attachment":[{"href":"https:\/\/www.confenar.com.br\/index.php\/wp-json\/wp\/v2\/media?parent=226"}],"curies":[{"name":"wp","href":"https:\/\/api.w.org\/{rel}","templated":true}]}}