{"id":23439,"date":"2019-12-09T21:19:40","date_gmt":"2019-12-09T21:19:40","guid":{"rendered":"http:\/\/www.confenar.com.br\/?page_id=23439"},"modified":"2019-12-09T21:19:40","modified_gmt":"2019-12-09T21:19:40","slug":"atitude-sustentavel-2018","status":"publish","type":"page","link":"https:\/\/www.confenar.com.br\/index.php\/atitude-sustentavel-2018\/","title":{"rendered":"Atitude sustenta\u0301vel"},"content":{"rendered":"<div id=\"box-fecha\" style=\"width: 100% !important; margin: 0 20px !important; float: left !important;\">\n<p class=\"p1\"><span class=\"s1\"><b>Carbono Compensado<\/b><\/span><\/p>\n<p class=\"p1\" style=\"float: left; padding-right: 20px;\"><img loading=\"lazy\" decoding=\"async\" class=\"alignnone size-full wp-image-22753\" src=\"http:\/\/www.confenar.com.br\/wp-content\/uploads\/2017\/01\/logo.jpg\" alt=\"logo\" width=\"300\" height=\"200\" \/><\/p>\n<p>&nbsp;<\/p>\n<p style=\"padding: 29px;\">Com patroc\u00ednio da Mercedes-Benz e o apoio t\u00e9cnico da Bravo Consultoria Ambiental, a Confenar realiza o projeto <strong>Carbono Compensado<\/strong>, que quantifica os gases de efeito estufa gerados no Agenda Confenar, convertendo-os no plantio de \u00e1rvores e ajudando na recupera\u00e7\u00e3o de \u00e1reas florestais. Conhe\u00e7a a seguir a a\u00e7\u00e3o realizada na \u00faltima edi\u00e7\u00e3o!<\/p>\n<\/div>\n<div id=\"box-fecha\" style=\"width: 100% !important; margin: 0 20px !important; float: left !important;\">\n<p class=\"p1\"><span class=\"s1\"><b>Sustentabilidade: uma pr\u00e1tica cont\u00ednua<\/b><\/span><\/p>\n<div style=\"margin-right: 20px;\">\n<p>Pelo oitavo ano consecutivo, a Confenar promoveu o\u00a0plantio de 400 mudas de \u00e1rvores em uma \u00e1rea de preserva\u00e7\u00e3o\u00a0ambiental em Pouso Redondo (SC). Realizado em 21 de setembro, Dia da \u00c1rvore, a iniciativa simbolizou um importante exerc\u00edcio de conscientiza\u00e7\u00e3o sustent\u00e1vel. Essa \u00e9 uma das v\u00e1rias a\u00e7\u00f5es realizadas e apoiadas\u00a0pela Confedera\u00e7\u00e3o em prol da sustentabilidade no Pa\u00eds.<\/p>\n<p>O plantio, que \u00e9 feito anualmente, ap\u00f3s o Agenda Confenar\u00a0(maior evento de distribui\u00e7\u00e3o de bebidas do Pa\u00eds), tem como objetivo\u00a0diminuir os impactos causados pela emiss\u00e3o de di\u00f3xido de carbono\u00a0(CO2) durante os dias do encontro.\u00a0O projeto\u00a0ajuda no reflorestamento de esp\u00e9cies end\u00eamicas da regi\u00e3o, beneficia o meio ambiente.<\/p>\n<p>Desde o in\u00edcio do Carbono Compensado, a Confenar j\u00e1 contribuiu com o\u00a0plantio de 7.400 mudas.<\/p>\n<p>Ap\u00f3s o plantio de 2018, que contou com a participa\u00e7\u00e3o de colaboradores da\u00a0revenda Incobel (Lages, SC), a Bravo segue acompanhando\u00a0e cuidando das mudas por um per\u00edodo de dois anos e informa \u00e0 Confedera\u00e7\u00e3o sobre essa evolu\u00e7\u00e3o. O projeto de\u00a0plantio e compensa\u00e7\u00e3o de carbono \u00e9 patrocinado pela Mercedes-Benz.<\/p>\n<\/div>\n<p><img decoding=\"async\" class=\"alignnone size-full wp-image-22746\" src=\"http:\/\/www.confenar.com.br\/wp-content\/uploads\/2017\/01\/Carbono_Compensado_2018-01.jpg\" alt=\"NEW Line Positive Icons\" width=\"100%\" height=\"auto\" srcset=\"https:\/\/www.confenar.com.br\/wp-content\/uploads\/2017\/01\/Carbono_Compensado_2018-01.jpg 800w, https:\/\/www.confenar.com.br\/wp-content\/uploads\/2017\/01\/Carbono_Compensado_2018-01-300x198.jpg 300w, https:\/\/www.confenar.com.br\/wp-content\/uploads\/2017\/01\/Carbono_Compensado_2018-01-768x506.jpg 768w\" sizes=\"(max-width: 800px) 100vw, 800px\" \/><\/p>\n<div id=\"attachment_22747\" style=\"width: 706px\" class=\"wp-caption alignnone\"><img loading=\"lazy\" decoding=\"async\" aria-describedby=\"caption-attachment-22747\" class=\"size-full wp-image-22747\" src=\"http:\/\/www.confenar.com.br\/wp-content\/uploads\/2017\/01\/Picture1.png\" alt=\"Projeto Carbono Compensado j\u00e1 plantou cerca de 7.400 \u00e1rvores\" width=\"696\" height=\"522\" srcset=\"https:\/\/www.confenar.com.br\/wp-content\/uploads\/2017\/01\/Picture1.png 696w, https:\/\/www.confenar.com.br\/wp-content\/uploads\/2017\/01\/Picture1-300x225.png 300w\" sizes=\"auto, (max-width: 696px) 100vw, 696px\" \/><p id=\"caption-attachment-22747\" class=\"wp-caption-text\">Projeto Carbono Compensado j\u00e1 plantou cerca de 7.400 \u00e1rvores<\/p><\/div>\n<div id=\"attachment_22748\" style=\"width: 686px\" class=\"wp-caption alignnone\"><img loading=\"lazy\" decoding=\"async\" aria-describedby=\"caption-attachment-22748\" class=\"size-full wp-image-22748\" src=\"http:\/\/www.confenar.com.br\/wp-content\/uploads\/2017\/01\/Picture2.png\" alt=\"Sergio Ludwig, da Incobel, participa do plantio realizado no Dia da \u00c1rvore\" width=\"676\" height=\"507\" srcset=\"https:\/\/www.confenar.com.br\/wp-content\/uploads\/2017\/01\/Picture2.png 676w, https:\/\/www.confenar.com.br\/wp-content\/uploads\/2017\/01\/Picture2-300x225.png 300w\" sizes=\"auto, (max-width: 676px) 100vw, 676px\" \/><p id=\"caption-attachment-22748\" class=\"wp-caption-text\">Sergio Ludwig, da Incobel, participa do plantio realizado no Dia da \u00c1rvore<\/p><\/div>\n<div id=\"attachment_22749\" style=\"width: 683px\" class=\"wp-caption alignnone\"><img loading=\"lazy\" decoding=\"async\" aria-describedby=\"caption-attachment-22749\" class=\"size-full wp-image-22749\" src=\"http:\/\/www.confenar.com.br\/wp-content\/uploads\/2017\/01\/Picture3.png\" alt=\"Time da revenda Incobel, de Lages (SC), apoiou essa a\u00e7\u00e3o na pr\u00e1tica \" width=\"673\" height=\"505\" srcset=\"https:\/\/www.confenar.com.br\/wp-content\/uploads\/2017\/01\/Picture3.png 673w, https:\/\/www.confenar.com.br\/wp-content\/uploads\/2017\/01\/Picture3-300x225.png 300w\" sizes=\"auto, (max-width: 673px) 100vw, 673px\" \/><p id=\"caption-attachment-22749\" class=\"wp-caption-text\">Time da revenda Incobel, de Lages (SC), apoiou essa a\u00e7\u00e3o na pr\u00e1tica<\/p><\/div>\n<\/div>\n<div id=\"box-fecha\" style=\"width: 100% !important; margin: 0 20px !important; float: left !important;\">\n<p><a href=\"http:\/\/www.confenar.com.br\/index.php\/atitude-sustentavel-2017\/\"> <img decoding=\"async\" src=\"http:\/\/www.confenar.com.br\/wp-content\/uploads\/2015\/10\/icone_confenar.jpg\" alt=\"\" \/><b>CARBONO COMPENSADO 2017<\/b><br \/>\n<\/a><\/p>\n<\/div>\n","protected":false},"excerpt":{"rendered":"<p>Carbono Compensado &nbsp; Com patroc\u00ednio da Mercedes-Benz e o apoio t\u00e9cnico da Bravo Consultoria Ambiental, a Confenar realiza o projeto Carbono Compensado, que quantifica os gases de efeito estufa gerados no Agenda Confenar, convertendo-os no plantio de \u00e1rvores e ajudando na recupera\u00e7\u00e3o de \u00e1reas florestais. Conhe\u00e7a a seguir a a\u00e7\u00e3o realizada na \u00faltima edi\u00e7\u00e3o! Sustentabilidade: [&hellip;]<\/p>\n","protected":false},"author":1,"featured_media":0,"parent":0,"menu_order":6,"comment_status":"closed","ping_status":"closed","template":"","meta":{"_acf_changed":false,"footnotes":""},"class_list":["post-23439","page","type-page","status-publish","hentry"],"acf":[],"_links":{"self":[{"href":"https:\/\/www.confenar.com.br\/index.php\/wp-json\/wp\/v2\/pages\/23439","targetHints":{"allow":["GET"]}}],"collection":[{"href":"https:\/\/www.confenar.com.br\/index.php\/wp-json\/wp\/v2\/pages"}],"about":[{"href":"https:\/\/www.confenar.com.br\/index.php\/wp-json\/wp\/v2\/types\/page"}],"author":[{"embeddable":true,"href":"https:\/\/www.confenar.com.br\/index.php\/wp-json\/wp\/v2\/users\/1"}],"replies":[{"embeddable":true,"href":"https:\/\/www.confenar.com.br\/index.php\/wp-json\/wp\/v2\/comments?post=23439"}],"version-history":[{"count":2,"href":"https:\/\/www.confenar.com.br\/index.php\/wp-json\/wp\/v2\/pages\/23439\/revisions"}],"predecessor-version":[{"id":23441,"href":"https:\/\/www.confenar.com.br\/index.php\/wp-json\/wp\/v2\/pages\/23439\/revisions\/23441"}],"wp:attachment":[{"href":"https:\/\/www.confenar.com.br\/index.php\/wp-json\/wp\/v2\/media?parent=23439"}],"curies":[{"name":"wp","href":"https:\/\/api.w.org\/{rel}","templated":true}]}}