{"id":31,"date":"2015-06-01T11:26:03","date_gmt":"2015-06-01T11:26:03","guid":{"rendered":"http:\/\/novo.confenar.com.br\/?page_id=31"},"modified":"2024-03-15T13:25:15","modified_gmt":"2024-03-15T13:25:15","slug":"apresentacao","status":"publish","type":"page","link":"https:\/\/www.confenar.com.br\/index.php\/sobre-a-confenar\/apresentacao\/","title":{"rendered":"Apresenta\u00e7\u00e3o"},"content":{"rendered":"<div id=\"breadcrumb_conf\"><a href=\"http:\/\/www.confenar.com.br\">Home <\/a>&gt; <a href=\"http:\/\/www.confenar.com.br\/?page_id=31\">Sobre a Confenar <\/a>&gt; Apresenta\u00e7\u00e3o<\/div>\n<p style=\"text-align: justify;\">A Confedera\u00e7\u00e3o Nacional das Revendas Ambev e das Empresas de Log\u00edstica da Distribui\u00e7\u00e3o (Confenar), \u00e9 a maior rede de distribui\u00e7\u00e3o de bebidas do Brasil. Criada em 2002, a Confenar busca representar e otimizar as atividades do segmento, e garantir gera\u00e7\u00e3o de neg\u00f3cios que beneficiem a Rede de Revendas. Juntas, as distribuidoras associadas s\u00e3o respons\u00e1veis por uma das maiores frotas de ve\u00edculos do Pa\u00eds e por uma das mais complexas e eficientes opera\u00e7\u00f5es de log\u00edstica de distribui\u00e7\u00e3o do mundo.<\/p>\n<p style=\"text-align: justify;\"><!--\n<img loading=\"lazy\" decoding=\"async\" class=\"alignright wp-image-506 size-full\" src=\"http:\/\/confenar.com.br\/wp-content\/uploads\/2015\/06\/sobre_confenar_thumb2.jpg\" alt=\"sobre_confenar_thumb2\" width=\"277\" height=\"209\" \/>\n--><\/p>\n<p><iframe loading=\"lazy\" style=\"border: none; overflow: hidden;\" src=\"https:\/\/www.youtube.com\/embed\/nCbMQhzyIsU?si=DmxbHYT2Ry_Y31gE&amp;show_text=false&amp;width=920&amp;appId=1038452479599094&amp;height=411\" width=\"920\" height=\"411\" frameborder=\"0\" scrolling=\"no\" allowfullscreen=\"allowfullscreen\"><\/iframe><\/p>\n<p>Atualmente, a Confenar possui mais de 100 revendas distribuidoras dos produtos da Cervejaria Ambev, em sete Regionais em todo o Brasil. S\u00e3o cerca de 20.000 empregos diretos e 70.000 indiretos, al\u00e9m de prestar atendimento para mais de 400.000 pontos de vendas (PDVs) em todo o Pa\u00eds.<\/p>\n<p style=\"text-align: justify;\"><strong>Nossa Miss\u00e3o<\/strong><br \/>\n\u201cRepresentar, integrar, negociar os interesses da Rede de Revendas Ambev e desenvolver meios para otimizar a efici\u00eancia do associado e o posicionamento pol\u00edtico da entidade.\u201d<\/p>\n<p style=\"text-align: justify;\"><strong>Nossa Vis\u00e3o<\/strong><br \/>\n\u201cSer refer\u00eancia absoluta na defesa dos interesses dos associados, no desenvolvimento do neg\u00f3cio com influ\u00eancia pol\u00edtica, promovendo e integrando a\u00e7\u00f5es de responsabilidade socioambiental.\u201d<\/p>\n<p style=\"text-align: justify;\"><strong>Saiba mais sobre a Confenar:<\/strong><\/p>\n<p><!--\n<a href=\"http:\/\/interno.confenar.com.br\/institucional\/livro-10-anos\/#livro-10-anos\/capa\" target=\"_blank\" rel=\"noopener\">\n<img loading=\"lazy\" decoding=\"async\" class=\"alignleft wp-image-511 size-full\" src=\"http:\/\/confenar.com.br\/wp-content\/uploads\/2015\/06\/thumb_10anos.jpg\" alt=\"thumb_10anos\" width=\"134\" height=\"215\" \/><\/a>\n--><\/p>\n<div id=\"base_apresent\">\n<p>&nbsp;<\/p>\n<table border=\"0\" width=\"600\" cellspacing=\"0\" cellpadding=\"0\">\n<tbody>\n<tr>\n<td align=\"center\" valign=\"top\">&nbsp;<\/td>\n<td align=\"center\" valign=\"top\">&nbsp;<\/td>\n<td align=\"center\" valign=\"top\">&nbsp;<\/td>\n<td align=\"center\" valign=\"top\">&nbsp;<\/td>\n<\/tr>\n<\/tbody>\n<\/table>\n<p><a href=\"http:\/\/www.confenar.com.br\/livro15anos.pdf\" target=\"_blank\" rel=\"noopener\"><img decoding=\"async\" class=\"wp-image-511 size-full alignleft\" style=\"margin-top: 5px !important;\" src=\"http:\/\/www.confenar.com.br\/wp-content\/uploads\/2017\/09\/thumb_15anos2.jpg\" alt=\"thumb_15anos\"><\/a><\/p>\n<p><a href=\"http:\/\/www.confenar.com.br\/wp-content\/arquivos\/folder2017\/#folder-agenda\/capa\" target=\"_blank\" rel=\"noopener\"><img decoding=\"async\" class=\"wp-image-516 size-thumbnail alignleft\" style=\"margin-top: 1px !important;\" src=\"http:\/\/www.confenar.com.br\/wp-content\/uploads\/2017\/10\/thumb_folder_2017.jpg\" alt=\"thumb_folder\" width=\"94\"><\/a><\/p>\n<p><a href=\"http:\/\/www.confenar.com.br\/index.php\/canais-de-comunicacao\/revista-confenar\/\"><img loading=\"lazy\" decoding=\"async\" class=\"wp-image-23511 size-full alignleft\" style=\"margin-top: 1px !important;\" src=\"http:\/\/www.confenar.com.br\/wp-content\/uploads\/2015\/06\/revista.jpg\" alt=\"\" width=\"99\" height=\"185\"><\/a><\/p>\n<p><a href=\"http:\/\/confenar.com.br\/?post_type=jornal-mural\"><img loading=\"lazy\" decoding=\"async\" class=\"wp-image-9776 size-full alignleft\" style=\"margin-top: -15px !important;\" src=\"http:\/\/www.confenar.com.br\/wp-content\/uploads\/2015\/12\/jornal_mural64.jpg\" alt=\"jornal_mural\" width=\"150\" height=\"185\"><\/a><\/p>\n<\/div>\n<p><!--\n\n\n<div id=\"base_apresent\">\n\n<a href=\"http:\/\/www.confenar.com.br\/wp-content\/uploads\/2015\/11\/index.html\" target=\"_blank\" rel=\"noopener\"><img decoding=\"async\" class=\"alignleft wp-image-516 size-full\" src=\"http:\/\/www.confenar.com.br\/wp-content\/uploads\/2015\/11\/thumb_folder.jpg\" alt=\"thumb_folder\" width=\"94\" \/><\/a><\/div>\n\n\n--><\/p>\n","protected":false},"excerpt":{"rendered":"<p>Home &gt; Sobre a Confenar &gt; Apresenta\u00e7\u00e3o A Confedera\u00e7\u00e3o Nacional das Revendas Ambev e das Empresas de Log\u00edstica da Distribui\u00e7\u00e3o (Confenar), \u00e9 a maior rede de distribui\u00e7\u00e3o de bebidas do Brasil. Criada em 2002, a Confenar busca representar e otimizar as atividades do segmento, e garantir gera\u00e7\u00e3o de neg\u00f3cios que beneficiem a Rede de Revendas. [&hellip;]<\/p>\n","protected":false},"author":1,"featured_media":0,"parent":21,"menu_order":72,"comment_status":"open","ping_status":"closed","template":"page-sobre.php","meta":{"_acf_changed":false,"footnotes":""},"class_list":["post-31","page","type-page","status-publish","hentry"],"acf":[],"_links":{"self":[{"href":"https:\/\/www.confenar.com.br\/index.php\/wp-json\/wp\/v2\/pages\/31","targetHints":{"allow":["GET"]}}],"collection":[{"href":"https:\/\/www.confenar.com.br\/index.php\/wp-json\/wp\/v2\/pages"}],"about":[{"href":"https:\/\/www.confenar.com.br\/index.php\/wp-json\/wp\/v2\/types\/page"}],"author":[{"embeddable":true,"href":"https:\/\/www.confenar.com.br\/index.php\/wp-json\/wp\/v2\/users\/1"}],"replies":[{"embeddable":true,"href":"https:\/\/www.confenar.com.br\/index.php\/wp-json\/wp\/v2\/comments?post=31"}],"version-history":[{"count":66,"href":"https:\/\/www.confenar.com.br\/index.php\/wp-json\/wp\/v2\/pages\/31\/revisions"}],"predecessor-version":[{"id":25585,"href":"https:\/\/www.confenar.com.br\/index.php\/wp-json\/wp\/v2\/pages\/31\/revisions\/25585"}],"up":[{"embeddable":true,"href":"https:\/\/www.confenar.com.br\/index.php\/wp-json\/wp\/v2\/pages\/21"}],"wp:attachment":[{"href":"https:\/\/www.confenar.com.br\/index.php\/wp-json\/wp\/v2\/media?parent=31"}],"curies":[{"name":"wp","href":"https:\/\/api.w.org\/{rel}","templated":true}]}}